{"id":1333,"date":"2019-02-07T15:29:44","date_gmt":"2019-02-07T15:29:44","guid":{"rendered":"https:\/\/www.wexfordwildfowlreserve.ie\/anaclann-dulra-raven\/"},"modified":"2023-09-21T09:29:32","modified_gmt":"2023-09-21T09:29:32","slug":"anaclann-dulra-raven","status":"publish","type":"page","link":"https:\/\/www.wexfordwildfowlreserve.ie\/ga\/anaclann-dulra-raven\/","title":{"rendered":"Anaclann D\u00falra Raven"},"content":{"rendered":"<p><img loading=\"lazy\" decoding=\"async\" class=\"alignleft wp-image-372 size-medium\" src=\"https:\/\/www.wexfordwildfowlreserve.ie\/wp-content\/uploads\/2019\/02\/trees-in-raven-200x300.jpg\" alt=\"Crainn ag Raven\" width=\"200\" height=\"300\" srcset=\"https:\/\/www.wexfordwildfowlreserve.ie\/wp-content\/uploads\/2019\/02\/trees-in-raven-200x300.jpg 200w, https:\/\/www.wexfordwildfowlreserve.ie\/wp-content\/uploads\/2019\/02\/trees-in-raven.jpg 640w\" sizes=\"auto, (max-width: 200px) 100vw, 200px\" \/>T\u00e1 Anaclann D\u00falra an Raven suite timpeall 8km \u00f3 thuaidh de Bhaile Loch Garman agus c\u00f3ngarach do Thr\u00e1 Churrach Cl\u00f3. Cos\u00fail le hAnaclann \u00c9anlaithe Fi\u00e1ine Loch Garman is le Seirbh\u00eds P\u00e1irceanna N\u00e1isi\u00fanta agus Fiadh\u00falra na Roinne Tith\u00edochta, Rialtais \u00c1iti\u00fail agus Oidhreachta \u00e9. Ina theannta sin, is le Coillte, an comhlacht foraoiseachta st\u00e1it, an t-adhmad foraoiseachta.<\/p>\n<h2>Stair<\/h2>\n<p>Ar dt\u00fas bh\u00ed an Anaclann mar ghob fada c\u00fang gainimh a thug foscadh ar an mbealach isteach go Cuan Loch Garman (tagann an t-ainm Raven \u00f3 \u2018Rabhainn\u2019 a chialla\u00edonn p\u00edosa tal\u00fan i gcruth sp\u00e1d), i l\u00e1r na 1880id\u00ed crutha\u00edodh an Slab Thuaidh taobh leis rud a d\u2019fh\u00e1g an gob gainimh gan ch\u00f3sta ar an taobh thiar.<\/p>\n<p>Ba le muintir U\u00ed Thuathail de chuid Theach Churrach Cl\u00f3 an Raven sa 19<sup>\u00fa<\/sup> hAois agus creidtear gur cuireadh crainn ann le linn d\u00f3ibh a bheith ina n-\u00fain\u00e9ir\u00ed.<\/p>\n<p>Faoi 1920, bh\u00ed an \u00fain\u00e9ireacht aistrithe go George M.Grogan, an Ridire E.W.B Grogan, Elizabeth Grogan agus Amy Isabelle McClintock i measc daoine eile ach ba \u00e9 George Colloton \u00f3 Dhroichead an Chaisle\u00e1in a bh\u00ed ina shealbh\u00f3ir teidil in 1930 nuair a d\u00edoladh an Raven leis an Aire Talmha\u00edochta le pland\u00e1il bhuairc\u00edneach ag tos\u00fa go luath ina dhiaidh sin.<\/p>\n<h2>Sa l\u00e1 at\u00e1 inniu ann<\/h2>\n<p>Cl\u00fada\u00edonn na coillte thart ar 600 acra tal\u00fan agus t\u00e1 siad 3.6km ar fad, t\u00e1 go leor crann curtha iontu, agus is \u00ed an P\u00e9ine Corsaiceach is coitianta; t\u00e1 Gi\u00fais Dh\u00faghlais, P\u00e9ine Muir\u00ed, P\u00e9ine Cont\u00f3rtach, P\u00e9ine Albanach, P\u00e9ine Monterey agus cinn eile ann freisin. Cuireadh formh\u00f3r na gcrann chun an c\u00f3sta a chosaint agus chun adhmad a th\u00e1irgeadh. T\u00e1 roinnt crann tar \u00e9is f\u00e1s go n\u00e1d\u00fartha lena n-\u00e1ir\u00edtear an Saileach Liath, an Saileach Reatha, an Bri\u00fal\u00e1n agus an Seiceamar.<\/p>\n<p>Is gn\u00e1th\u00f3g th\u00e1bhachtach iad na coillte don Iora Rua d\u00fachasach. T\u00e1 na crainn ghi\u00faise t\u00e1bhachtach do na mamaigh seo mar is fearr leo a bheith ag ithe caor ph\u00e9ine seachas s\u00edolta m\u00f3ra cos\u00fail le dearc\u00e1in n\u00f3 cn\u00f3nna coill. N\u00edl an t-iora glas tar \u00e9is \u00e9 f\u00e9in a bhun\u00fa sa Raven go f\u00f3ill, rud a d\u2019fh\u00e9adfadh a bheith mar gheall ar l\u00e1ithreacht an Chait crainn, ainmh\u00ed chomh m\u00f3r le cat ar a dtugtar an Cat Crainn sa Ghaeilge a chialla\u00edonn \u2018Cat of the Trees\u2019 i mB\u00e9arla. Tabhair cuairt ar <a href=\"http:\/\/www.pinemarten.ie\" target=\"_blank\" rel=\"noopener noreferrer\">www.pinemarten.ie<\/a> chun tuilleadh a fhoghlaim faoin ainmh\u00ed iontach seo.<\/p>\n<p>Is Limist\u00e9ar faoi Chaomhn\u00fa Speisialta \u00e9 an Anaclann D\u00falra mar gheall ar a ghn\u00e1th\u00f3ga agus is Limist\u00e9ar faoi Chosaint Speisialta \u00e9 faoi na Rialach\u00e1in um \u00c9in agus is d\u00edol sp\u00e9ise ar leith an Gh\u00e9 Bh\u00e1n\u00e9adanach Ghraonlannach, an Sc\u00f3tar, an l\u00f3ma rua, an Broigheall, an Fhead\u00f3g Ghlas agus an luathr\u00e1n.<\/p>\n<p>I measc na speiceas eile is d\u00edol sp\u00e9ise t\u00e1 na planda\u00ed glasluibh chruinn, bu\u00ed\u00e1n sail\u00ed, C\u00edb Ghainimh agus An dr\u00e9imire beag; speicis \u00e9ags\u00fala f\u00e9ileac\u00e1n agus cn\u00e1d\u00e1n.<\/p>\n<p>Is ceann scr\u00edbe a bhfuil an-t\u00f3ir air ag si\u00fal\u00f3ir\u00ed an Raven agus t\u00e1 si\u00fal\u00f3id l\u00faibe 6.5km ann tr\u00edd na coillte. T\u00e1 dromchla cloiche dl\u00fathaithe ar an gcos\u00e1n sin gan ach beag\u00e1n f\u00e1na. T\u00e1 p\u00e1irce\u00e1il ag an mbealach isteach chuig na coillte agus carrchl\u00f3s na Comhairle Contae ach tabhair faoi deara go bhf\u00e9adfadh siad a bheith l\u00e1n ag buaicthr\u00e9imhs\u00ed.<\/p>\n<p><span style=\"color: #004046;\"><strong>Ionas go mbainfidh gach duine taitneamh as an timpeallacht iarraimid ar dhaoine aird a thabhairt ar na nithe seo a leanas le bhur dtoil:<\/strong><\/span><\/p>\n<p style=\"padding-left: 30px;\">Tabhair leat do bhruscar go l\u00e9ir abhaile n\u00f3 bain \u00fas\u00e1id as na bosca\u00ed bruscair at\u00e1 ar f\u00e1il ag bealach isteach na coillte.<\/p>\n<p style=\"padding-left: 30px;\">N\u00e1 las tinte n\u00e1 be\u00e1rbaici\u00fanna mar is f\u00e9idir le tinte daoine agus planda\u00ed a chur i mbaol.<\/p>\n<p style=\"padding-left: 30px;\">Tabhair do d\u2019aire nach bhfuil aon champ\u00e1il ceadaithe.<\/p>\n<p style=\"padding-left: 30px;\">Chun go mbeidh gach \u00fas\u00e1ideoir in ann taitneamh a bhaint as agus ar mhaithe le caomhn\u00fa an d\u00falra, coinnigh madra\u00ed faoi smacht i gc\u00f3na\u00ed. Glan suas tar \u00e9is do mhadra agus faigh r\u00e9idh leis na m\u00e1la\u00ed ar bhealach freagrach. T\u00e1 bosca bruscair speisialta ag an mbealach isteach chuig an gcl\u00e1rchos\u00e1n.<\/p>\n<p style=\"padding-left: 30px;\">N\u00e1 h\u00fas\u00e1id aon mh\u00f3tarfheithicil n\u00f3 rothar sa choill n\u00f3 ar an tr\u00e1.<\/p>\n<p style=\"padding-left: 30px;\">N\u00e1 t\u00e9igh ag marca\u00edocht ar chapall sa choill.<\/p>\n","protected":false},"excerpt":{"rendered":"<p>T\u00e1 Anaclann D\u00falra an Raven suite timpeall 8km \u00f3 thuaidh de Bhaile Loch Garman agus c\u00f3ngarach do Thr\u00e1 Churrach Cl\u00f3. Cos\u00fail le hAnaclann \u00c9anlaithe Fi\u00e1ine Loch Garman is le Seirbh\u00eds P\u00e1irceanna N\u00e1isi\u00fanta agus Fiadh\u00falra na Roinne Tith\u00edochta, Rialtais \u00c1iti\u00fail agus Oidhreachta \u00e9. Ina theannta sin, is le Coillte, an comhlacht foraoiseachta st\u00e1it, an t-adhmad foraoiseachta&#8230;. <\/p>\n","protected":false},"author":7,"featured_media":0,"parent":0,"menu_order":0,"comment_status":"closed","ping_status":"closed","template":"no-sidebar.php","meta":{"cybocfi_hide_featured_image":"","footnotes":""},"class_list":["post-1333","page","type-page","status-publish","hentry"],"yoast_head":"<!-- This site is optimized with the Yoast SEO plugin v27.4 - https:\/\/yoast.com\/product\/yoast-seo-wordpress\/ -->\n<title>Anaclann D\u00falra Raven - Anaclann \u00e9anlaithe fi\u00e1ine Loch Garman<\/title>\n<meta name=\"robots\" content=\"index, follow, max-snippet:-1, max-image-preview:large, max-video-preview:-1\" \/>\n<link rel=\"canonical\" href=\"https:\/\/www.wexfordwildfowlreserve.ie\/ga\/anaclann-dulra-raven\/\" \/>\n<meta property=\"og:locale\" content=\"ga_IE\" \/>\n<meta property=\"og:type\" content=\"article\" \/>\n<meta property=\"og:title\" content=\"Anaclann D\u00falra Raven - Anaclann \u00e9anlaithe fi\u00e1ine Loch Garman\" \/>\n<meta property=\"og:description\" content=\"T\u00e1 Anaclann D\u00falra an Raven suite timpeall 8km \u00f3 thuaidh de Bhaile Loch Garman agus c\u00f3ngarach do Thr\u00e1 Churrach Cl\u00f3. Cos\u00fail le hAnaclann \u00c9anlaithe Fi\u00e1ine Loch Garman is le Seirbh\u00eds P\u00e1irceanna N\u00e1isi\u00fanta agus Fiadh\u00falra na Roinne Tith\u00edochta, Rialtais \u00c1iti\u00fail agus Oidhreachta \u00e9. Ina theannta sin, is le Coillte, an comhlacht foraoiseachta st\u00e1it, an t-adhmad foraoiseachta....\" \/>\n<meta property=\"og:url\" content=\"https:\/\/www.wexfordwildfowlreserve.ie\/ga\/anaclann-dulra-raven\/\" \/>\n<meta property=\"og:site_name\" content=\"Anaclann \u00e9anlaithe fi\u00e1ine Loch Garman\" \/>\n<meta property=\"article:modified_time\" content=\"2023-09-21T09:29:32+00:00\" \/>\n<meta property=\"og:image\" content=\"https:\/\/www.wexfordwildfowlreserve.ie\/wp-content\/uploads\/2019\/02\/trees-in-raven-200x300.jpg\" \/>\n<meta name=\"twitter:card\" content=\"summary_large_image\" \/>\n<meta name=\"twitter:label1\" content=\"Est. reading time\" \/>\n\t<meta name=\"twitter:data1\" content=\"4 minutes\" \/>\n<script type=\"application\/ld+json\" class=\"yoast-schema-graph\">{\"@context\":\"https:\\\/\\\/schema.org\",\"@graph\":[{\"@type\":\"WebPage\",\"@id\":\"https:\\\/\\\/www.wexfordwildfowlreserve.ie\\\/ga\\\/anaclann-dulra-raven\\\/\",\"url\":\"https:\\\/\\\/www.wexfordwildfowlreserve.ie\\\/ga\\\/anaclann-dulra-raven\\\/\",\"name\":\"Anaclann D\u00falra Raven - Anaclann \u00e9anlaithe fi\u00e1ine Loch Garman\",\"isPartOf\":{\"@id\":\"https:\\\/\\\/www.wexfordwildfowlreserve.ie\\\/ga\\\/#website\"},\"primaryImageOfPage\":{\"@id\":\"https:\\\/\\\/www.wexfordwildfowlreserve.ie\\\/ga\\\/anaclann-dulra-raven\\\/#primaryimage\"},\"image\":{\"@id\":\"https:\\\/\\\/www.wexfordwildfowlreserve.ie\\\/ga\\\/anaclann-dulra-raven\\\/#primaryimage\"},\"thumbnailUrl\":\"https:\\\/\\\/www.wexfordwildfowlreserve.ie\\\/wp-content\\\/uploads\\\/2019\\\/02\\\/trees-in-raven-200x300.jpg\",\"datePublished\":\"2019-02-07T15:29:44+00:00\",\"dateModified\":\"2023-09-21T09:29:32+00:00\",\"breadcrumb\":{\"@id\":\"https:\\\/\\\/www.wexfordwildfowlreserve.ie\\\/ga\\\/anaclann-dulra-raven\\\/#breadcrumb\"},\"inLanguage\":\"ga-IE\",\"potentialAction\":[{\"@type\":\"ReadAction\",\"target\":[\"https:\\\/\\\/www.wexfordwildfowlreserve.ie\\\/ga\\\/anaclann-dulra-raven\\\/\"]}]},{\"@type\":\"ImageObject\",\"inLanguage\":\"ga-IE\",\"@id\":\"https:\\\/\\\/www.wexfordwildfowlreserve.ie\\\/ga\\\/anaclann-dulra-raven\\\/#primaryimage\",\"url\":\"https:\\\/\\\/www.wexfordwildfowlreserve.ie\\\/wp-content\\\/uploads\\\/2019\\\/02\\\/trees-in-raven-200x300.jpg\",\"contentUrl\":\"https:\\\/\\\/www.wexfordwildfowlreserve.ie\\\/wp-content\\\/uploads\\\/2019\\\/02\\\/trees-in-raven-200x300.jpg\"},{\"@type\":\"BreadcrumbList\",\"@id\":\"https:\\\/\\\/www.wexfordwildfowlreserve.ie\\\/ga\\\/anaclann-dulra-raven\\\/#breadcrumb\",\"itemListElement\":[{\"@type\":\"ListItem\",\"position\":1,\"name\":\"Home\",\"item\":\"https:\\\/\\\/www.wexfordwildfowlreserve.ie\\\/ga\\\/\"},{\"@type\":\"ListItem\",\"position\":2,\"name\":\"Anaclann D\u00falra Raven\"}]},{\"@type\":\"WebSite\",\"@id\":\"https:\\\/\\\/www.wexfordwildfowlreserve.ie\\\/ga\\\/#website\",\"url\":\"https:\\\/\\\/www.wexfordwildfowlreserve.ie\\\/ga\\\/\",\"name\":\"Wexford Wildfowl Reserve\",\"description\":\"\",\"publisher\":{\"@id\":\"https:\\\/\\\/www.wexfordwildfowlreserve.ie\\\/ga\\\/#organization\"},\"potentialAction\":[{\"@type\":\"SearchAction\",\"target\":{\"@type\":\"EntryPoint\",\"urlTemplate\":\"https:\\\/\\\/www.wexfordwildfowlreserve.ie\\\/ga\\\/?s={search_term_string}\"},\"query-input\":{\"@type\":\"PropertyValueSpecification\",\"valueRequired\":true,\"valueName\":\"search_term_string\"}}],\"inLanguage\":\"ga-IE\"},{\"@type\":\"Organization\",\"@id\":\"https:\\\/\\\/www.wexfordwildfowlreserve.ie\\\/ga\\\/#organization\",\"name\":\"Wexford Wildfowl Reserve\",\"url\":\"https:\\\/\\\/www.wexfordwildfowlreserve.ie\\\/ga\\\/\",\"logo\":{\"@type\":\"ImageObject\",\"inLanguage\":\"ga-IE\",\"@id\":\"https:\\\/\\\/www.wexfordwildfowlreserve.ie\\\/ga\\\/#\\\/schema\\\/logo\\\/image\\\/\",\"url\":\"https:\\\/\\\/www.wexfordwildfowlreserve.ie\\\/wp-content\\\/uploads\\\/2018\\\/10\\\/WWP-sized.png\",\"contentUrl\":\"https:\\\/\\\/www.wexfordwildfowlreserve.ie\\\/wp-content\\\/uploads\\\/2018\\\/10\\\/WWP-sized.png\",\"width\":404,\"height\":100,\"caption\":\"Wexford Wildfowl Reserve\"},\"image\":{\"@id\":\"https:\\\/\\\/www.wexfordwildfowlreserve.ie\\\/ga\\\/#\\\/schema\\\/logo\\\/image\\\/\"}}]}<\/script>\n<!-- \/ Yoast SEO plugin. -->","yoast_head_json":{"title":"Anaclann D\u00falra Raven - Anaclann \u00e9anlaithe fi\u00e1ine Loch Garman","robots":{"index":"index","follow":"follow","max-snippet":"max-snippet:-1","max-image-preview":"max-image-preview:large","max-video-preview":"max-video-preview:-1"},"canonical":"https:\/\/www.wexfordwildfowlreserve.ie\/ga\/anaclann-dulra-raven\/","og_locale":"ga_IE","og_type":"article","og_title":"Anaclann D\u00falra Raven - Anaclann \u00e9anlaithe fi\u00e1ine Loch Garman","og_description":"T\u00e1 Anaclann D\u00falra an Raven suite timpeall 8km \u00f3 thuaidh de Bhaile Loch Garman agus c\u00f3ngarach do Thr\u00e1 Churrach Cl\u00f3. Cos\u00fail le hAnaclann \u00c9anlaithe Fi\u00e1ine Loch Garman is le Seirbh\u00eds P\u00e1irceanna N\u00e1isi\u00fanta agus Fiadh\u00falra na Roinne Tith\u00edochta, Rialtais \u00c1iti\u00fail agus Oidhreachta \u00e9. Ina theannta sin, is le Coillte, an comhlacht foraoiseachta st\u00e1it, an t-adhmad foraoiseachta....","og_url":"https:\/\/www.wexfordwildfowlreserve.ie\/ga\/anaclann-dulra-raven\/","og_site_name":"Anaclann \u00e9anlaithe fi\u00e1ine Loch Garman","article_modified_time":"2023-09-21T09:29:32+00:00","og_image":[{"url":"https:\/\/www.wexfordwildfowlreserve.ie\/wp-content\/uploads\/2019\/02\/trees-in-raven-200x300.jpg","type":"","width":"","height":""}],"twitter_card":"summary_large_image","twitter_misc":{"Est. reading time":"4 minutes"},"schema":{"@context":"https:\/\/schema.org","@graph":[{"@type":"WebPage","@id":"https:\/\/www.wexfordwildfowlreserve.ie\/ga\/anaclann-dulra-raven\/","url":"https:\/\/www.wexfordwildfowlreserve.ie\/ga\/anaclann-dulra-raven\/","name":"Anaclann D\u00falra Raven - Anaclann \u00e9anlaithe fi\u00e1ine Loch Garman","isPartOf":{"@id":"https:\/\/www.wexfordwildfowlreserve.ie\/ga\/#website"},"primaryImageOfPage":{"@id":"https:\/\/www.wexfordwildfowlreserve.ie\/ga\/anaclann-dulra-raven\/#primaryimage"},"image":{"@id":"https:\/\/www.wexfordwildfowlreserve.ie\/ga\/anaclann-dulra-raven\/#primaryimage"},"thumbnailUrl":"https:\/\/www.wexfordwildfowlreserve.ie\/wp-content\/uploads\/2019\/02\/trees-in-raven-200x300.jpg","datePublished":"2019-02-07T15:29:44+00:00","dateModified":"2023-09-21T09:29:32+00:00","breadcrumb":{"@id":"https:\/\/www.wexfordwildfowlreserve.ie\/ga\/anaclann-dulra-raven\/#breadcrumb"},"inLanguage":"ga-IE","potentialAction":[{"@type":"ReadAction","target":["https:\/\/www.wexfordwildfowlreserve.ie\/ga\/anaclann-dulra-raven\/"]}]},{"@type":"ImageObject","inLanguage":"ga-IE","@id":"https:\/\/www.wexfordwildfowlreserve.ie\/ga\/anaclann-dulra-raven\/#primaryimage","url":"https:\/\/www.wexfordwildfowlreserve.ie\/wp-content\/uploads\/2019\/02\/trees-in-raven-200x300.jpg","contentUrl":"https:\/\/www.wexfordwildfowlreserve.ie\/wp-content\/uploads\/2019\/02\/trees-in-raven-200x300.jpg"},{"@type":"BreadcrumbList","@id":"https:\/\/www.wexfordwildfowlreserve.ie\/ga\/anaclann-dulra-raven\/#breadcrumb","itemListElement":[{"@type":"ListItem","position":1,"name":"Home","item":"https:\/\/www.wexfordwildfowlreserve.ie\/ga\/"},{"@type":"ListItem","position":2,"name":"Anaclann D\u00falra Raven"}]},{"@type":"WebSite","@id":"https:\/\/www.wexfordwildfowlreserve.ie\/ga\/#website","url":"https:\/\/www.wexfordwildfowlreserve.ie\/ga\/","name":"Wexford Wildfowl Reserve","description":"","publisher":{"@id":"https:\/\/www.wexfordwildfowlreserve.ie\/ga\/#organization"},"potentialAction":[{"@type":"SearchAction","target":{"@type":"EntryPoint","urlTemplate":"https:\/\/www.wexfordwildfowlreserve.ie\/ga\/?s={search_term_string}"},"query-input":{"@type":"PropertyValueSpecification","valueRequired":true,"valueName":"search_term_string"}}],"inLanguage":"ga-IE"},{"@type":"Organization","@id":"https:\/\/www.wexfordwildfowlreserve.ie\/ga\/#organization","name":"Wexford Wildfowl Reserve","url":"https:\/\/www.wexfordwildfowlreserve.ie\/ga\/","logo":{"@type":"ImageObject","inLanguage":"ga-IE","@id":"https:\/\/www.wexfordwildfowlreserve.ie\/ga\/#\/schema\/logo\/image\/","url":"https:\/\/www.wexfordwildfowlreserve.ie\/wp-content\/uploads\/2018\/10\/WWP-sized.png","contentUrl":"https:\/\/www.wexfordwildfowlreserve.ie\/wp-content\/uploads\/2018\/10\/WWP-sized.png","width":404,"height":100,"caption":"Wexford Wildfowl Reserve"},"image":{"@id":"https:\/\/www.wexfordwildfowlreserve.ie\/ga\/#\/schema\/logo\/image\/"}}]}},"jetpack_sharing_enabled":true,"_links":{"self":[{"href":"https:\/\/www.wexfordwildfowlreserve.ie\/ga\/wp-json\/wp\/v2\/pages\/1333","targetHints":{"allow":["GET"]}}],"collection":[{"href":"https:\/\/www.wexfordwildfowlreserve.ie\/ga\/wp-json\/wp\/v2\/pages"}],"about":[{"href":"https:\/\/www.wexfordwildfowlreserve.ie\/ga\/wp-json\/wp\/v2\/types\/page"}],"author":[{"embeddable":true,"href":"https:\/\/www.wexfordwildfowlreserve.ie\/ga\/wp-json\/wp\/v2\/users\/7"}],"replies":[{"embeddable":true,"href":"https:\/\/www.wexfordwildfowlreserve.ie\/ga\/wp-json\/wp\/v2\/comments?post=1333"}],"version-history":[{"count":1,"href":"https:\/\/www.wexfordwildfowlreserve.ie\/ga\/wp-json\/wp\/v2\/pages\/1333\/revisions"}],"predecessor-version":[{"id":1513,"href":"https:\/\/www.wexfordwildfowlreserve.ie\/ga\/wp-json\/wp\/v2\/pages\/1333\/revisions\/1513"}],"wp:attachment":[{"href":"https:\/\/www.wexfordwildfowlreserve.ie\/ga\/wp-json\/wp\/v2\/media?parent=1333"}],"curies":[{"name":"wp","href":"https:\/\/api.w.org\/{rel}","templated":true}]}}