{"id":1332,"date":"2022-01-19T12:36:36","date_gmt":"2022-01-19T12:36:36","guid":{"rendered":"https:\/\/www.wexfordwildfowlreserve.ie\/fiadhulra\/sonrai-na-ge-baneadanach-graonlannach-do-2021\/"},"modified":"2023-09-01T15:01:48","modified_gmt":"2023-09-01T15:01:48","slug":"sonrai-na-ge-baneadanach-graonlannach-do-2021","status":"publish","type":"page","link":"https:\/\/www.wexfordwildfowlreserve.ie\/ga\/fiadhulra\/sonrai-na-ge-baneadanach-graonlannach-do-2021\/","title":{"rendered":"Sonra\u00ed na G\u00e9 B\u00e1n\u00e9adanach Graonlannach do 2020\/21"},"content":{"rendered":"<p>Gach bliain, d\u00e9antar tuairisc a thugann breac-chuntas ar an obair daon\u00e1irimh a dh\u00e9antar ar thailte geimhrithe G\u00e9anna B\u00e1n\u00e9adanacha Graonlannacha sa Bhreatain agus in \u00c9irinn.<\/p>\n<p>Anuraidh ba \u00e9 20,186 comhaireamh domhanda na ng\u00e9anna, laghd\u00fa \u00f3 21,509 an bhliain roimhe sin. In \u00c9irinn ar fad bh\u00ed 8,410 \u00e9an againn, sin laghd\u00fa \u00f3 10,418. I Loch Garman bh\u00ed an laghd\u00fa n\u00edos suntasa\u00ed f\u00f3s, leis an l\u00edon a bh\u00ed againn anuraidh laghdaithe go 6,262 \u00f3 8,312 agus bh\u00ed rath at\u00e1irgthe na n-\u00e9an in \u00c9irinn ar an leibh\u00e9al is \u00edsle riamh ag 6.4%.<\/p>\n<p>Fuarthas amach i sampla\u00ed ar na healta\u00ed in \u00c9irinn, tar \u00e9is sh\u00e9as\u00far goir 2020, go raibh c\u00e9atad\u00e1n na n-\u00f3g ag 6.4% i gcompar\u00e1id le 10.8 an s\u00e9as\u00far roimhe sin. Bh\u00ed m\u00e9id an \u00e1il ag 3.24, m\u00e9ad\u00fa beag \u00f3 3.07 an s\u00e9as\u00far roimhe sin. In ainneoin an ratha at\u00e1irgthe \u00edsil a aims\u00edtear i Loch Garman, rud a bh\u00edonn ina th\u00e1scaire go hiond\u00fail ar dhroch-th\u00e1irgeadh \u00f3g\u00e1nach ar fud na h\u00c9ireann, is beag athr\u00fa a th\u00e1inig ar l\u00edon na n-\u00e9an in ealta\u00ed amach \u00f3 Loch Garman \u00f3n mbliain roimhe sin. Bh\u00ed comhaireamh an Earraigh i Loch Garman ar an gceann is \u00edsle \u00f3 1982\/83, is d\u00f3cha go p\u00e1irteach mar gheall ar an r\u00e1ta \u00edseal at\u00e1irgthe seo.<\/p>\n<p><img loading=\"lazy\" decoding=\"async\" class=\"aligncenter size-full wp-image-1018\" src=\"https:\/\/www.wexfordwildfowlreserve.ie\/wp-content\/uploads\/2022\/01\/table-1.jpg\" alt=\"Ioml\u00e1n dhaon\u00e1irimh an earraigh do Gh\u00e9anna B\u00e1n\u00e9adanacha Graonlannacha 2016 go 2021\" width=\"1008\" height=\"363\" srcset=\"https:\/\/www.wexfordwildfowlreserve.ie\/wp-content\/uploads\/2022\/01\/table-1.jpg 1008w, https:\/\/www.wexfordwildfowlreserve.ie\/wp-content\/uploads\/2022\/01\/table-1-300x108.jpg 300w, https:\/\/www.wexfordwildfowlreserve.ie\/wp-content\/uploads\/2022\/01\/table-1-768x277.jpg 768w\" sizes=\"auto, (max-width: 1008px) 100vw, 1008px\" \/><\/p>\n<p><img loading=\"lazy\" decoding=\"async\" class=\"aligncenter size-full wp-image-1017\" src=\"https:\/\/www.wexfordwildfowlreserve.ie\/wp-content\/uploads\/2022\/01\/figure-2.jpg\" alt=\"\u00c1ireamh an earraigh ar Gh\u00e9anna B\u00e1n\u00e9adanacha Graonlannacha \u00f3 Loch Garman agus Islay agus na figi\u00fair\u00ed domhanda \u00f3 1983 go 2021\" width=\"963\" height=\"757\" srcset=\"https:\/\/www.wexfordwildfowlreserve.ie\/wp-content\/uploads\/2022\/01\/figure-2.jpg 963w, https:\/\/www.wexfordwildfowlreserve.ie\/wp-content\/uploads\/2022\/01\/figure-2-300x236.jpg 300w, https:\/\/www.wexfordwildfowlreserve.ie\/wp-content\/uploads\/2022\/01\/figure-2-768x604.jpg 768w\" sizes=\"auto, (max-width: 963px) 100vw, 963px\" \/><\/p>\n<p>Is tr\u00ed mhonat\u00f3ireacht lean\u00fanach a dh\u00e9anamh ar an speiceas \u00edoc\u00f3nach seo leis na blianta, tr\u00ed \u00fas\u00e1id a bhaint as teilim\u00e9adracht satail\u00edte at\u00e1 cothrom le d\u00e1ta, agus breathn\u00f3ireacht agus comhaireamh ar an l\u00e1thair gur f\u00e9idir \u00ed a chosaint.<\/p>\n<p>&nbsp;<\/p>\n","protected":false},"excerpt":{"rendered":"<p>Gach bliain, d\u00e9antar tuairisc a thugann breac-chuntas ar an obair daon\u00e1irimh a dh\u00e9antar ar thailte geimhrithe G\u00e9anna B\u00e1n\u00e9adanacha Graonlannacha sa Bhreatain agus in \u00c9irinn. Anuraidh ba \u00e9 20,186 comhaireamh domhanda na ng\u00e9anna, laghd\u00fa \u00f3 21,509 an bhliain roimhe sin. In \u00c9irinn ar fad bh\u00ed 8,410 \u00e9an againn, sin laghd\u00fa \u00f3 10,418. I Loch Garman bh\u00ed&#8230; <\/p>\n","protected":false},"author":7,"featured_media":0,"parent":1330,"menu_order":2,"comment_status":"closed","ping_status":"closed","template":"no-sidebar.php","meta":{"cybocfi_hide_featured_image":"","footnotes":""},"class_list":["post-1332","page","type-page","status-publish","hentry"],"yoast_head":"<!-- This site is optimized with the Yoast SEO plugin v27.4 - https:\/\/yoast.com\/product\/yoast-seo-wordpress\/ -->\n<title>Sonra\u00ed na G\u00e9 B\u00e1n\u00e9adanach Graonlannach do 2020\/21 - Anaclann \u00e9anlaithe fi\u00e1ine Loch Garman<\/title>\n<meta name=\"robots\" content=\"index, follow, max-snippet:-1, max-image-preview:large, max-video-preview:-1\" \/>\n<link rel=\"canonical\" href=\"https:\/\/www.wexfordwildfowlreserve.ie\/ga\/fiadhulra\/sonrai-na-ge-baneadanach-graonlannach-do-2021\/\" \/>\n<meta property=\"og:locale\" content=\"ga_IE\" \/>\n<meta property=\"og:type\" content=\"article\" \/>\n<meta property=\"og:title\" content=\"Sonra\u00ed na G\u00e9 B\u00e1n\u00e9adanach Graonlannach do 2020\/21 - Anaclann \u00e9anlaithe fi\u00e1ine Loch Garman\" \/>\n<meta property=\"og:description\" content=\"Gach bliain, d\u00e9antar tuairisc a thugann breac-chuntas ar an obair daon\u00e1irimh a dh\u00e9antar ar thailte geimhrithe G\u00e9anna B\u00e1n\u00e9adanacha Graonlannacha sa Bhreatain agus in \u00c9irinn. Anuraidh ba \u00e9 20,186 comhaireamh domhanda na ng\u00e9anna, laghd\u00fa \u00f3 21,509 an bhliain roimhe sin. In \u00c9irinn ar fad bh\u00ed 8,410 \u00e9an againn, sin laghd\u00fa \u00f3 10,418. I Loch Garman bh\u00ed...\" \/>\n<meta property=\"og:url\" content=\"https:\/\/www.wexfordwildfowlreserve.ie\/ga\/fiadhulra\/sonrai-na-ge-baneadanach-graonlannach-do-2021\/\" \/>\n<meta property=\"og:site_name\" content=\"Anaclann \u00e9anlaithe fi\u00e1ine Loch Garman\" \/>\n<meta property=\"article:modified_time\" content=\"2023-09-01T15:01:48+00:00\" \/>\n<meta property=\"og:image\" content=\"https:\/\/www.wexfordwildfowlreserve.ie\/wp-content\/uploads\/2022\/01\/table-1.jpg\" \/>\n<meta name=\"twitter:card\" content=\"summary_large_image\" \/>\n<meta name=\"twitter:label1\" content=\"Est. reading time\" \/>\n\t<meta name=\"twitter:data1\" content=\"1 minute\" \/>\n<script type=\"application\/ld+json\" class=\"yoast-schema-graph\">{\"@context\":\"https:\\\/\\\/schema.org\",\"@graph\":[{\"@type\":\"WebPage\",\"@id\":\"https:\\\/\\\/www.wexfordwildfowlreserve.ie\\\/ga\\\/fiadhulra\\\/sonrai-na-ge-baneadanach-graonlannach-do-2021\\\/\",\"url\":\"https:\\\/\\\/www.wexfordwildfowlreserve.ie\\\/ga\\\/fiadhulra\\\/sonrai-na-ge-baneadanach-graonlannach-do-2021\\\/\",\"name\":\"Sonra\u00ed na G\u00e9 B\u00e1n\u00e9adanach Graonlannach do 2020\\\/21 - Anaclann \u00e9anlaithe fi\u00e1ine Loch Garman\",\"isPartOf\":{\"@id\":\"https:\\\/\\\/www.wexfordwildfowlreserve.ie\\\/ga\\\/#website\"},\"primaryImageOfPage\":{\"@id\":\"https:\\\/\\\/www.wexfordwildfowlreserve.ie\\\/ga\\\/fiadhulra\\\/sonrai-na-ge-baneadanach-graonlannach-do-2021\\\/#primaryimage\"},\"image\":{\"@id\":\"https:\\\/\\\/www.wexfordwildfowlreserve.ie\\\/ga\\\/fiadhulra\\\/sonrai-na-ge-baneadanach-graonlannach-do-2021\\\/#primaryimage\"},\"thumbnailUrl\":\"https:\\\/\\\/www.wexfordwildfowlreserve.ie\\\/wp-content\\\/uploads\\\/2022\\\/01\\\/table-1.jpg\",\"datePublished\":\"2022-01-19T12:36:36+00:00\",\"dateModified\":\"2023-09-01T15:01:48+00:00\",\"breadcrumb\":{\"@id\":\"https:\\\/\\\/www.wexfordwildfowlreserve.ie\\\/ga\\\/fiadhulra\\\/sonrai-na-ge-baneadanach-graonlannach-do-2021\\\/#breadcrumb\"},\"inLanguage\":\"ga-IE\",\"potentialAction\":[{\"@type\":\"ReadAction\",\"target\":[\"https:\\\/\\\/www.wexfordwildfowlreserve.ie\\\/ga\\\/fiadhulra\\\/sonrai-na-ge-baneadanach-graonlannach-do-2021\\\/\"]}]},{\"@type\":\"ImageObject\",\"inLanguage\":\"ga-IE\",\"@id\":\"https:\\\/\\\/www.wexfordwildfowlreserve.ie\\\/ga\\\/fiadhulra\\\/sonrai-na-ge-baneadanach-graonlannach-do-2021\\\/#primaryimage\",\"url\":\"https:\\\/\\\/www.wexfordwildfowlreserve.ie\\\/wp-content\\\/uploads\\\/2022\\\/01\\\/table-1.jpg\",\"contentUrl\":\"https:\\\/\\\/www.wexfordwildfowlreserve.ie\\\/wp-content\\\/uploads\\\/2022\\\/01\\\/table-1.jpg\"},{\"@type\":\"BreadcrumbList\",\"@id\":\"https:\\\/\\\/www.wexfordwildfowlreserve.ie\\\/ga\\\/fiadhulra\\\/sonrai-na-ge-baneadanach-graonlannach-do-2021\\\/#breadcrumb\",\"itemListElement\":[{\"@type\":\"ListItem\",\"position\":1,\"name\":\"Home\",\"item\":\"https:\\\/\\\/www.wexfordwildfowlreserve.ie\\\/ga\\\/\"},{\"@type\":\"ListItem\",\"position\":2,\"name\":\"Fiadh\u00falra\",\"item\":\"https:\\\/\\\/www.wexfordwildfowlreserve.ie\\\/ga\\\/fiadhulra\\\/\"},{\"@type\":\"ListItem\",\"position\":3,\"name\":\"Sonra\u00ed na G\u00e9 B\u00e1n\u00e9adanach Graonlannach do 2020\\\/21\"}]},{\"@type\":\"WebSite\",\"@id\":\"https:\\\/\\\/www.wexfordwildfowlreserve.ie\\\/ga\\\/#website\",\"url\":\"https:\\\/\\\/www.wexfordwildfowlreserve.ie\\\/ga\\\/\",\"name\":\"Wexford Wildfowl Reserve\",\"description\":\"\",\"publisher\":{\"@id\":\"https:\\\/\\\/www.wexfordwildfowlreserve.ie\\\/ga\\\/#organization\"},\"potentialAction\":[{\"@type\":\"SearchAction\",\"target\":{\"@type\":\"EntryPoint\",\"urlTemplate\":\"https:\\\/\\\/www.wexfordwildfowlreserve.ie\\\/ga\\\/?s={search_term_string}\"},\"query-input\":{\"@type\":\"PropertyValueSpecification\",\"valueRequired\":true,\"valueName\":\"search_term_string\"}}],\"inLanguage\":\"ga-IE\"},{\"@type\":\"Organization\",\"@id\":\"https:\\\/\\\/www.wexfordwildfowlreserve.ie\\\/ga\\\/#organization\",\"name\":\"Wexford Wildfowl Reserve\",\"url\":\"https:\\\/\\\/www.wexfordwildfowlreserve.ie\\\/ga\\\/\",\"logo\":{\"@type\":\"ImageObject\",\"inLanguage\":\"ga-IE\",\"@id\":\"https:\\\/\\\/www.wexfordwildfowlreserve.ie\\\/ga\\\/#\\\/schema\\\/logo\\\/image\\\/\",\"url\":\"https:\\\/\\\/www.wexfordwildfowlreserve.ie\\\/wp-content\\\/uploads\\\/2018\\\/10\\\/WWP-sized.png\",\"contentUrl\":\"https:\\\/\\\/www.wexfordwildfowlreserve.ie\\\/wp-content\\\/uploads\\\/2018\\\/10\\\/WWP-sized.png\",\"width\":404,\"height\":100,\"caption\":\"Wexford Wildfowl Reserve\"},\"image\":{\"@id\":\"https:\\\/\\\/www.wexfordwildfowlreserve.ie\\\/ga\\\/#\\\/schema\\\/logo\\\/image\\\/\"}}]}<\/script>\n<!-- \/ Yoast SEO plugin. -->","yoast_head_json":{"title":"Sonra\u00ed na G\u00e9 B\u00e1n\u00e9adanach Graonlannach do 2020\/21 - Anaclann \u00e9anlaithe fi\u00e1ine Loch Garman","robots":{"index":"index","follow":"follow","max-snippet":"max-snippet:-1","max-image-preview":"max-image-preview:large","max-video-preview":"max-video-preview:-1"},"canonical":"https:\/\/www.wexfordwildfowlreserve.ie\/ga\/fiadhulra\/sonrai-na-ge-baneadanach-graonlannach-do-2021\/","og_locale":"ga_IE","og_type":"article","og_title":"Sonra\u00ed na G\u00e9 B\u00e1n\u00e9adanach Graonlannach do 2020\/21 - Anaclann \u00e9anlaithe fi\u00e1ine Loch Garman","og_description":"Gach bliain, d\u00e9antar tuairisc a thugann breac-chuntas ar an obair daon\u00e1irimh a dh\u00e9antar ar thailte geimhrithe G\u00e9anna B\u00e1n\u00e9adanacha Graonlannacha sa Bhreatain agus in \u00c9irinn. Anuraidh ba \u00e9 20,186 comhaireamh domhanda na ng\u00e9anna, laghd\u00fa \u00f3 21,509 an bhliain roimhe sin. In \u00c9irinn ar fad bh\u00ed 8,410 \u00e9an againn, sin laghd\u00fa \u00f3 10,418. I Loch Garman bh\u00ed...","og_url":"https:\/\/www.wexfordwildfowlreserve.ie\/ga\/fiadhulra\/sonrai-na-ge-baneadanach-graonlannach-do-2021\/","og_site_name":"Anaclann \u00e9anlaithe fi\u00e1ine Loch Garman","article_modified_time":"2023-09-01T15:01:48+00:00","og_image":[{"url":"https:\/\/www.wexfordwildfowlreserve.ie\/wp-content\/uploads\/2022\/01\/table-1.jpg","type":"","width":"","height":""}],"twitter_card":"summary_large_image","twitter_misc":{"Est. reading time":"1 minute"},"schema":{"@context":"https:\/\/schema.org","@graph":[{"@type":"WebPage","@id":"https:\/\/www.wexfordwildfowlreserve.ie\/ga\/fiadhulra\/sonrai-na-ge-baneadanach-graonlannach-do-2021\/","url":"https:\/\/www.wexfordwildfowlreserve.ie\/ga\/fiadhulra\/sonrai-na-ge-baneadanach-graonlannach-do-2021\/","name":"Sonra\u00ed na G\u00e9 B\u00e1n\u00e9adanach Graonlannach do 2020\/21 - Anaclann \u00e9anlaithe fi\u00e1ine Loch Garman","isPartOf":{"@id":"https:\/\/www.wexfordwildfowlreserve.ie\/ga\/#website"},"primaryImageOfPage":{"@id":"https:\/\/www.wexfordwildfowlreserve.ie\/ga\/fiadhulra\/sonrai-na-ge-baneadanach-graonlannach-do-2021\/#primaryimage"},"image":{"@id":"https:\/\/www.wexfordwildfowlreserve.ie\/ga\/fiadhulra\/sonrai-na-ge-baneadanach-graonlannach-do-2021\/#primaryimage"},"thumbnailUrl":"https:\/\/www.wexfordwildfowlreserve.ie\/wp-content\/uploads\/2022\/01\/table-1.jpg","datePublished":"2022-01-19T12:36:36+00:00","dateModified":"2023-09-01T15:01:48+00:00","breadcrumb":{"@id":"https:\/\/www.wexfordwildfowlreserve.ie\/ga\/fiadhulra\/sonrai-na-ge-baneadanach-graonlannach-do-2021\/#breadcrumb"},"inLanguage":"ga-IE","potentialAction":[{"@type":"ReadAction","target":["https:\/\/www.wexfordwildfowlreserve.ie\/ga\/fiadhulra\/sonrai-na-ge-baneadanach-graonlannach-do-2021\/"]}]},{"@type":"ImageObject","inLanguage":"ga-IE","@id":"https:\/\/www.wexfordwildfowlreserve.ie\/ga\/fiadhulra\/sonrai-na-ge-baneadanach-graonlannach-do-2021\/#primaryimage","url":"https:\/\/www.wexfordwildfowlreserve.ie\/wp-content\/uploads\/2022\/01\/table-1.jpg","contentUrl":"https:\/\/www.wexfordwildfowlreserve.ie\/wp-content\/uploads\/2022\/01\/table-1.jpg"},{"@type":"BreadcrumbList","@id":"https:\/\/www.wexfordwildfowlreserve.ie\/ga\/fiadhulra\/sonrai-na-ge-baneadanach-graonlannach-do-2021\/#breadcrumb","itemListElement":[{"@type":"ListItem","position":1,"name":"Home","item":"https:\/\/www.wexfordwildfowlreserve.ie\/ga\/"},{"@type":"ListItem","position":2,"name":"Fiadh\u00falra","item":"https:\/\/www.wexfordwildfowlreserve.ie\/ga\/fiadhulra\/"},{"@type":"ListItem","position":3,"name":"Sonra\u00ed na G\u00e9 B\u00e1n\u00e9adanach Graonlannach do 2020\/21"}]},{"@type":"WebSite","@id":"https:\/\/www.wexfordwildfowlreserve.ie\/ga\/#website","url":"https:\/\/www.wexfordwildfowlreserve.ie\/ga\/","name":"Wexford Wildfowl Reserve","description":"","publisher":{"@id":"https:\/\/www.wexfordwildfowlreserve.ie\/ga\/#organization"},"potentialAction":[{"@type":"SearchAction","target":{"@type":"EntryPoint","urlTemplate":"https:\/\/www.wexfordwildfowlreserve.ie\/ga\/?s={search_term_string}"},"query-input":{"@type":"PropertyValueSpecification","valueRequired":true,"valueName":"search_term_string"}}],"inLanguage":"ga-IE"},{"@type":"Organization","@id":"https:\/\/www.wexfordwildfowlreserve.ie\/ga\/#organization","name":"Wexford Wildfowl Reserve","url":"https:\/\/www.wexfordwildfowlreserve.ie\/ga\/","logo":{"@type":"ImageObject","inLanguage":"ga-IE","@id":"https:\/\/www.wexfordwildfowlreserve.ie\/ga\/#\/schema\/logo\/image\/","url":"https:\/\/www.wexfordwildfowlreserve.ie\/wp-content\/uploads\/2018\/10\/WWP-sized.png","contentUrl":"https:\/\/www.wexfordwildfowlreserve.ie\/wp-content\/uploads\/2018\/10\/WWP-sized.png","width":404,"height":100,"caption":"Wexford Wildfowl Reserve"},"image":{"@id":"https:\/\/www.wexfordwildfowlreserve.ie\/ga\/#\/schema\/logo\/image\/"}}]}},"jetpack_sharing_enabled":true,"_links":{"self":[{"href":"https:\/\/www.wexfordwildfowlreserve.ie\/ga\/wp-json\/wp\/v2\/pages\/1332","targetHints":{"allow":["GET"]}}],"collection":[{"href":"https:\/\/www.wexfordwildfowlreserve.ie\/ga\/wp-json\/wp\/v2\/pages"}],"about":[{"href":"https:\/\/www.wexfordwildfowlreserve.ie\/ga\/wp-json\/wp\/v2\/types\/page"}],"author":[{"embeddable":true,"href":"https:\/\/www.wexfordwildfowlreserve.ie\/ga\/wp-json\/wp\/v2\/users\/7"}],"replies":[{"embeddable":true,"href":"https:\/\/www.wexfordwildfowlreserve.ie\/ga\/wp-json\/wp\/v2\/comments?post=1332"}],"version-history":[{"count":1,"href":"https:\/\/www.wexfordwildfowlreserve.ie\/ga\/wp-json\/wp\/v2\/pages\/1332\/revisions"}],"predecessor-version":[{"id":1525,"href":"https:\/\/www.wexfordwildfowlreserve.ie\/ga\/wp-json\/wp\/v2\/pages\/1332\/revisions\/1525"}],"up":[{"embeddable":true,"href":"https:\/\/www.wexfordwildfowlreserve.ie\/ga\/wp-json\/wp\/v2\/pages\/1330"}],"wp:attachment":[{"href":"https:\/\/www.wexfordwildfowlreserve.ie\/ga\/wp-json\/wp\/v2\/media?parent=1332"}],"curies":[{"name":"wp","href":"https:\/\/api.w.org\/{rel}","templated":true}]}}