{"id":1319,"date":"2020-10-28T12:44:40","date_gmt":"2020-10-28T12:44:40","guid":{"rendered":"https:\/\/www.wexfordwildfowlreserve.ie\/gniomhaiochtai\/trath-na-gceist-oiche-shamhna\/"},"modified":"2020-10-28T12:44:40","modified_gmt":"2020-10-28T12:44:40","slug":"trath-na-gceist-oiche-shamhna","status":"publish","type":"page","link":"https:\/\/www.wexfordwildfowlreserve.ie\/ga\/gniomhaiochtai\/trath-na-gceist-oiche-shamhna\/","title":{"rendered":"Tr\u00e1th na gCeist O\u00edche Shamhna"},"content":{"rendered":"<p><a href=\"https:\/\/www.tryinteract.com\/share\/quiz\/5f98405cc7da03001425c06b\" target=\"_blank\" rel=\"noopener noreferrer\"><img loading=\"lazy\" decoding=\"async\" class=\"aligncenter wp-image-739\" src=\"https:\/\/www.wexfordwildfowlreserve.ie\/wp-content\/uploads\/2020\/10\/Screen-Shot-2020-10-28-at-12.40.56-300x195.png\" alt=\"O\u00edche Shamhna Shona duit\" width=\"600\" height=\"391\" srcset=\"https:\/\/www.wexfordwildfowlreserve.ie\/wp-content\/uploads\/2020\/10\/Screen-Shot-2020-10-28-at-12.40.56-300x195.png 300w, https:\/\/www.wexfordwildfowlreserve.ie\/wp-content\/uploads\/2020\/10\/Screen-Shot-2020-10-28-at-12.40.56-768x500.png 768w, https:\/\/www.wexfordwildfowlreserve.ie\/wp-content\/uploads\/2020\/10\/Screen-Shot-2020-10-28-at-12.40.56.png 917w\" sizes=\"auto, (max-width: 600px) 100vw, 600px\" \/><\/a><\/p>\n<p>&nbsp;<\/p>\n","protected":false},"excerpt":{"rendered":"<p>&nbsp;<\/p>\n","protected":false},"author":7,"featured_media":0,"parent":1314,"menu_order":0,"comment_status":"closed","ping_status":"closed","template":"full-width.php","meta":{"cybocfi_hide_featured_image":"","footnotes":""},"class_list":["post-1319","page","type-page","status-publish","hentry"],"yoast_head":"<!-- This site is optimized with the Yoast SEO plugin v27.5 - https:\/\/yoast.com\/product\/yoast-seo-wordpress\/ -->\n<title>Tr\u00e1th na gCeist O\u00edche Shamhna - Anaclann \u00e9anlaithe fi\u00e1ine Loch Garman<\/title>\n<meta name=\"robots\" content=\"index, follow, max-snippet:-1, max-image-preview:large, max-video-preview:-1\" \/>\n<link rel=\"canonical\" href=\"https:\/\/www.wexfordwildfowlreserve.ie\/ga\/gniomhaiochtai\/trath-na-gceist-oiche-shamhna\/\" \/>\n<meta property=\"og:locale\" content=\"ga_IE\" \/>\n<meta property=\"og:type\" content=\"article\" \/>\n<meta property=\"og:title\" content=\"Tr\u00e1th na gCeist O\u00edche Shamhna - Anaclann \u00e9anlaithe fi\u00e1ine Loch Garman\" \/>\n<meta property=\"og:description\" content=\"&nbsp;\" \/>\n<meta property=\"og:url\" content=\"https:\/\/www.wexfordwildfowlreserve.ie\/ga\/gniomhaiochtai\/trath-na-gceist-oiche-shamhna\/\" \/>\n<meta property=\"og:site_name\" content=\"Anaclann \u00e9anlaithe fi\u00e1ine Loch Garman\" \/>\n<meta property=\"og:image\" content=\"https:\/\/www.wexfordwildfowlreserve.ie\/wp-content\/uploads\/2020\/10\/Screen-Shot-2020-10-28-at-12.40.56-300x195.png\" \/>\n<meta name=\"twitter:card\" content=\"summary_large_image\" \/>\n<script type=\"application\/ld+json\" class=\"yoast-schema-graph\">{\"@context\":\"https:\\\/\\\/schema.org\",\"@graph\":[{\"@type\":\"WebPage\",\"@id\":\"https:\\\/\\\/www.wexfordwildfowlreserve.ie\\\/ga\\\/gniomhaiochtai\\\/trath-na-gceist-oiche-shamhna\\\/\",\"url\":\"https:\\\/\\\/www.wexfordwildfowlreserve.ie\\\/ga\\\/gniomhaiochtai\\\/trath-na-gceist-oiche-shamhna\\\/\",\"name\":\"Tr\u00e1th na gCeist O\u00edche Shamhna - Anaclann \u00e9anlaithe fi\u00e1ine Loch Garman\",\"isPartOf\":{\"@id\":\"https:\\\/\\\/www.wexfordwildfowlreserve.ie\\\/ga\\\/#website\"},\"primaryImageOfPage\":{\"@id\":\"https:\\\/\\\/www.wexfordwildfowlreserve.ie\\\/ga\\\/gniomhaiochtai\\\/trath-na-gceist-oiche-shamhna\\\/#primaryimage\"},\"image\":{\"@id\":\"https:\\\/\\\/www.wexfordwildfowlreserve.ie\\\/ga\\\/gniomhaiochtai\\\/trath-na-gceist-oiche-shamhna\\\/#primaryimage\"},\"thumbnailUrl\":\"https:\\\/\\\/www.wexfordwildfowlreserve.ie\\\/wp-content\\\/uploads\\\/2020\\\/10\\\/Screen-Shot-2020-10-28-at-12.40.56-300x195.png\",\"datePublished\":\"2020-10-28T12:44:40+00:00\",\"breadcrumb\":{\"@id\":\"https:\\\/\\\/www.wexfordwildfowlreserve.ie\\\/ga\\\/gniomhaiochtai\\\/trath-na-gceist-oiche-shamhna\\\/#breadcrumb\"},\"inLanguage\":\"ga-IE\",\"potentialAction\":[{\"@type\":\"ReadAction\",\"target\":[\"https:\\\/\\\/www.wexfordwildfowlreserve.ie\\\/ga\\\/gniomhaiochtai\\\/trath-na-gceist-oiche-shamhna\\\/\"]}]},{\"@type\":\"ImageObject\",\"inLanguage\":\"ga-IE\",\"@id\":\"https:\\\/\\\/www.wexfordwildfowlreserve.ie\\\/ga\\\/gniomhaiochtai\\\/trath-na-gceist-oiche-shamhna\\\/#primaryimage\",\"url\":\"https:\\\/\\\/www.wexfordwildfowlreserve.ie\\\/wp-content\\\/uploads\\\/2020\\\/10\\\/Screen-Shot-2020-10-28-at-12.40.56-300x195.png\",\"contentUrl\":\"https:\\\/\\\/www.wexfordwildfowlreserve.ie\\\/wp-content\\\/uploads\\\/2020\\\/10\\\/Screen-Shot-2020-10-28-at-12.40.56-300x195.png\"},{\"@type\":\"BreadcrumbList\",\"@id\":\"https:\\\/\\\/www.wexfordwildfowlreserve.ie\\\/ga\\\/gniomhaiochtai\\\/trath-na-gceist-oiche-shamhna\\\/#breadcrumb\",\"itemListElement\":[{\"@type\":\"ListItem\",\"position\":1,\"name\":\"Home\",\"item\":\"https:\\\/\\\/www.wexfordwildfowlreserve.ie\\\/ga\\\/\"},{\"@type\":\"ListItem\",\"position\":2,\"name\":\"Gn\u00edomha\u00edochta\u00ed\",\"item\":\"https:\\\/\\\/www.wexfordwildfowlreserve.ie\\\/ga\\\/gniomhaiochtai\\\/\"},{\"@type\":\"ListItem\",\"position\":3,\"name\":\"Tr\u00e1th na gCeist O\u00edche Shamhna\"}]},{\"@type\":\"WebSite\",\"@id\":\"https:\\\/\\\/www.wexfordwildfowlreserve.ie\\\/ga\\\/#website\",\"url\":\"https:\\\/\\\/www.wexfordwildfowlreserve.ie\\\/ga\\\/\",\"name\":\"Wexford Wildfowl Reserve\",\"description\":\"\",\"publisher\":{\"@id\":\"https:\\\/\\\/www.wexfordwildfowlreserve.ie\\\/ga\\\/#organization\"},\"potentialAction\":[{\"@type\":\"SearchAction\",\"target\":{\"@type\":\"EntryPoint\",\"urlTemplate\":\"https:\\\/\\\/www.wexfordwildfowlreserve.ie\\\/ga\\\/?s={search_term_string}\"},\"query-input\":{\"@type\":\"PropertyValueSpecification\",\"valueRequired\":true,\"valueName\":\"search_term_string\"}}],\"inLanguage\":\"ga-IE\"},{\"@type\":\"Organization\",\"@id\":\"https:\\\/\\\/www.wexfordwildfowlreserve.ie\\\/ga\\\/#organization\",\"name\":\"Wexford Wildfowl Reserve\",\"url\":\"https:\\\/\\\/www.wexfordwildfowlreserve.ie\\\/ga\\\/\",\"logo\":{\"@type\":\"ImageObject\",\"inLanguage\":\"ga-IE\",\"@id\":\"https:\\\/\\\/www.wexfordwildfowlreserve.ie\\\/ga\\\/#\\\/schema\\\/logo\\\/image\\\/\",\"url\":\"https:\\\/\\\/www.wexfordwildfowlreserve.ie\\\/wp-content\\\/uploads\\\/2018\\\/10\\\/WWP-sized.png\",\"contentUrl\":\"https:\\\/\\\/www.wexfordwildfowlreserve.ie\\\/wp-content\\\/uploads\\\/2018\\\/10\\\/WWP-sized.png\",\"width\":404,\"height\":100,\"caption\":\"Wexford Wildfowl Reserve\"},\"image\":{\"@id\":\"https:\\\/\\\/www.wexfordwildfowlreserve.ie\\\/ga\\\/#\\\/schema\\\/logo\\\/image\\\/\"}}]}<\/script>\n<!-- \/ Yoast SEO plugin. -->","yoast_head_json":{"title":"Tr\u00e1th na gCeist O\u00edche Shamhna - Anaclann \u00e9anlaithe fi\u00e1ine Loch Garman","robots":{"index":"index","follow":"follow","max-snippet":"max-snippet:-1","max-image-preview":"max-image-preview:large","max-video-preview":"max-video-preview:-1"},"canonical":"https:\/\/www.wexfordwildfowlreserve.ie\/ga\/gniomhaiochtai\/trath-na-gceist-oiche-shamhna\/","og_locale":"ga_IE","og_type":"article","og_title":"Tr\u00e1th na gCeist O\u00edche Shamhna - Anaclann \u00e9anlaithe fi\u00e1ine Loch Garman","og_description":"&nbsp;","og_url":"https:\/\/www.wexfordwildfowlreserve.ie\/ga\/gniomhaiochtai\/trath-na-gceist-oiche-shamhna\/","og_site_name":"Anaclann \u00e9anlaithe fi\u00e1ine Loch Garman","og_image":[{"url":"https:\/\/www.wexfordwildfowlreserve.ie\/wp-content\/uploads\/2020\/10\/Screen-Shot-2020-10-28-at-12.40.56-300x195.png","type":"","width":"","height":""}],"twitter_card":"summary_large_image","schema":{"@context":"https:\/\/schema.org","@graph":[{"@type":"WebPage","@id":"https:\/\/www.wexfordwildfowlreserve.ie\/ga\/gniomhaiochtai\/trath-na-gceist-oiche-shamhna\/","url":"https:\/\/www.wexfordwildfowlreserve.ie\/ga\/gniomhaiochtai\/trath-na-gceist-oiche-shamhna\/","name":"Tr\u00e1th na gCeist O\u00edche Shamhna - Anaclann \u00e9anlaithe fi\u00e1ine Loch Garman","isPartOf":{"@id":"https:\/\/www.wexfordwildfowlreserve.ie\/ga\/#website"},"primaryImageOfPage":{"@id":"https:\/\/www.wexfordwildfowlreserve.ie\/ga\/gniomhaiochtai\/trath-na-gceist-oiche-shamhna\/#primaryimage"},"image":{"@id":"https:\/\/www.wexfordwildfowlreserve.ie\/ga\/gniomhaiochtai\/trath-na-gceist-oiche-shamhna\/#primaryimage"},"thumbnailUrl":"https:\/\/www.wexfordwildfowlreserve.ie\/wp-content\/uploads\/2020\/10\/Screen-Shot-2020-10-28-at-12.40.56-300x195.png","datePublished":"2020-10-28T12:44:40+00:00","breadcrumb":{"@id":"https:\/\/www.wexfordwildfowlreserve.ie\/ga\/gniomhaiochtai\/trath-na-gceist-oiche-shamhna\/#breadcrumb"},"inLanguage":"ga-IE","potentialAction":[{"@type":"ReadAction","target":["https:\/\/www.wexfordwildfowlreserve.ie\/ga\/gniomhaiochtai\/trath-na-gceist-oiche-shamhna\/"]}]},{"@type":"ImageObject","inLanguage":"ga-IE","@id":"https:\/\/www.wexfordwildfowlreserve.ie\/ga\/gniomhaiochtai\/trath-na-gceist-oiche-shamhna\/#primaryimage","url":"https:\/\/www.wexfordwildfowlreserve.ie\/wp-content\/uploads\/2020\/10\/Screen-Shot-2020-10-28-at-12.40.56-300x195.png","contentUrl":"https:\/\/www.wexfordwildfowlreserve.ie\/wp-content\/uploads\/2020\/10\/Screen-Shot-2020-10-28-at-12.40.56-300x195.png"},{"@type":"BreadcrumbList","@id":"https:\/\/www.wexfordwildfowlreserve.ie\/ga\/gniomhaiochtai\/trath-na-gceist-oiche-shamhna\/#breadcrumb","itemListElement":[{"@type":"ListItem","position":1,"name":"Home","item":"https:\/\/www.wexfordwildfowlreserve.ie\/ga\/"},{"@type":"ListItem","position":2,"name":"Gn\u00edomha\u00edochta\u00ed","item":"https:\/\/www.wexfordwildfowlreserve.ie\/ga\/gniomhaiochtai\/"},{"@type":"ListItem","position":3,"name":"Tr\u00e1th na gCeist O\u00edche Shamhna"}]},{"@type":"WebSite","@id":"https:\/\/www.wexfordwildfowlreserve.ie\/ga\/#website","url":"https:\/\/www.wexfordwildfowlreserve.ie\/ga\/","name":"Wexford Wildfowl Reserve","description":"","publisher":{"@id":"https:\/\/www.wexfordwildfowlreserve.ie\/ga\/#organization"},"potentialAction":[{"@type":"SearchAction","target":{"@type":"EntryPoint","urlTemplate":"https:\/\/www.wexfordwildfowlreserve.ie\/ga\/?s={search_term_string}"},"query-input":{"@type":"PropertyValueSpecification","valueRequired":true,"valueName":"search_term_string"}}],"inLanguage":"ga-IE"},{"@type":"Organization","@id":"https:\/\/www.wexfordwildfowlreserve.ie\/ga\/#organization","name":"Wexford Wildfowl Reserve","url":"https:\/\/www.wexfordwildfowlreserve.ie\/ga\/","logo":{"@type":"ImageObject","inLanguage":"ga-IE","@id":"https:\/\/www.wexfordwildfowlreserve.ie\/ga\/#\/schema\/logo\/image\/","url":"https:\/\/www.wexfordwildfowlreserve.ie\/wp-content\/uploads\/2018\/10\/WWP-sized.png","contentUrl":"https:\/\/www.wexfordwildfowlreserve.ie\/wp-content\/uploads\/2018\/10\/WWP-sized.png","width":404,"height":100,"caption":"Wexford Wildfowl Reserve"},"image":{"@id":"https:\/\/www.wexfordwildfowlreserve.ie\/ga\/#\/schema\/logo\/image\/"}}]}},"jetpack_sharing_enabled":true,"_links":{"self":[{"href":"https:\/\/www.wexfordwildfowlreserve.ie\/ga\/wp-json\/wp\/v2\/pages\/1319","targetHints":{"allow":["GET"]}}],"collection":[{"href":"https:\/\/www.wexfordwildfowlreserve.ie\/ga\/wp-json\/wp\/v2\/pages"}],"about":[{"href":"https:\/\/www.wexfordwildfowlreserve.ie\/ga\/wp-json\/wp\/v2\/types\/page"}],"author":[{"embeddable":true,"href":"https:\/\/www.wexfordwildfowlreserve.ie\/ga\/wp-json\/wp\/v2\/users\/7"}],"replies":[{"embeddable":true,"href":"https:\/\/www.wexfordwildfowlreserve.ie\/ga\/wp-json\/wp\/v2\/comments?post=1319"}],"version-history":[{"count":0,"href":"https:\/\/www.wexfordwildfowlreserve.ie\/ga\/wp-json\/wp\/v2\/pages\/1319\/revisions"}],"up":[{"embeddable":true,"href":"https:\/\/www.wexfordwildfowlreserve.ie\/ga\/wp-json\/wp\/v2\/pages\/1314"}],"wp:attachment":[{"href":"https:\/\/www.wexfordwildfowlreserve.ie\/ga\/wp-json\/wp\/v2\/media?parent=1319"}],"curies":[{"name":"wp","href":"https:\/\/api.w.org\/{rel}","templated":true}]}}