{"id":1315,"date":"2016-04-20T16:30:56","date_gmt":"2016-04-20T16:30:56","guid":{"rendered":"https:\/\/www.wexfordwildfowlreserve.ie\/stair\/"},"modified":"2023-09-01T14:53:17","modified_gmt":"2023-09-01T14:53:17","slug":"stair","status":"publish","type":"page","link":"https:\/\/www.wexfordwildfowlreserve.ie\/ga\/stair\/","title":{"rendered":"Stair"},"content":{"rendered":"<h2>T\u00edrdhreach Chuan Loch Garman roimh na 1840id\u00ed<\/h2>\n<p style=\"text-align: left;\">L\u00e9ir\u00edonn l\u00e9arsc\u00e1ileanna luatha de Chuan Loch Garman, leis an Ridire William Petty (1657) agus cinn eile, go raibh roinnt oile\u00e1n ann, s\u00e9 cinn san ioml\u00e1n agus ba iad Begerin, an tOile\u00e1n M\u00f3r agus Korrugh (n\u00f3 Cora Island) agus Breast Island na cinn is m\u00f3. Rinneadh an ch\u00e9ad iarracht ar mh\u00ednt\u00edri\u00fa tal\u00fan in 1814 nuair a rinne beirt dearth\u00e1ireacha, na dearth\u00e1ireacha Thomas, pleananna chun 800 acra tal\u00fan ar an taobh thoir \u00f3 dheas den chuan a fh\u00e1il ar ais ar chostas \u00a330,000.<\/p>\n<p style=\"text-align: left;\">Faoin mbliain 1816 d\u2019\u00e9irigh leis na dearth\u00e1ireacha Thomas bruach a th\u00f3g\u00e1il a choinnigh an fharraige amach thit an bruach mar gheall ar taoide l\u00e1n, rud a chuir stop leis na hoibreacha m\u00ednt\u00edri\u00fach\u00e1in.<\/p>\n<h3>Sean l\u00e9arsc\u00e1ileanna de Chuan Loch Garman<\/h3>\n<div>\n<div style=\"float: left; width: 30%; margin-right: 10px;\">\n<p><img loading=\"lazy\" decoding=\"async\" class=\"alignnone wp-image-26 size-full\" src=\"https:\/\/www.wexfordwildfowlreserve.ie\/wp-content\/uploads\/2016\/04\/Speed_1612.JPG\" alt=\"L\u00e9arsc\u00e1il de Chuan Loch Garman - 1612\" width=\"259\" height=\"345\" srcset=\"https:\/\/www.wexfordwildfowlreserve.ie\/wp-content\/uploads\/2016\/04\/Speed_1612.JPG 259w, https:\/\/www.wexfordwildfowlreserve.ie\/wp-content\/uploads\/2016\/04\/Speed_1612-225x300.jpg 225w\" sizes=\"auto, (max-width: 259px) 100vw, 259px\" \/><\/p>\n<p style=\"text-align: center;\">L\u00e9arsc\u00e1il de Chuan Loch Garman<\/p>\n<p style=\"text-align: center;\">Speed (1612)<\/p>\n<\/div>\n<div style=\"float: left; width: 30%; margin-right: 10px;\">\n<p><img loading=\"lazy\" decoding=\"async\" class=\"alignnone wp-image-27 size-full\" src=\"https:\/\/www.wexfordwildfowlreserve.ie\/wp-content\/uploads\/2016\/04\/Petty_1657.JPG\" alt=\"L\u00e9arsc\u00e1il de Chuan Loch Garman - 1657\" width=\"260\" height=\"346\" srcset=\"https:\/\/www.wexfordwildfowlreserve.ie\/wp-content\/uploads\/2016\/04\/Petty_1657.JPG 260w, https:\/\/www.wexfordwildfowlreserve.ie\/wp-content\/uploads\/2016\/04\/Petty_1657-225x300.jpg 225w\" sizes=\"auto, (max-width: 260px) 100vw, 260px\" \/><\/p>\n<p style=\"text-align: center;\">L\u00e9arsc\u00e1il de Chuan Loch Garman<\/p>\n<p style=\"text-align: center;\">Petty (1657)<\/p>\n<\/div>\n<div style=\"float: left; width: 30%;\">\n<p><img loading=\"lazy\" decoding=\"async\" class=\"alignnone wp-image-28 size-full\" src=\"https:\/\/www.wexfordwildfowlreserve.ie\/wp-content\/uploads\/2016\/04\/Lewis_1837.JPG\" alt=\"L\u00e9arsc\u00e1il de Chuan Loch Garman - 1837\" width=\"262\" height=\"346\" srcset=\"https:\/\/www.wexfordwildfowlreserve.ie\/wp-content\/uploads\/2016\/04\/Lewis_1837.JPG 262w, https:\/\/www.wexfordwildfowlreserve.ie\/wp-content\/uploads\/2016\/04\/Lewis_1837-227x300.jpg 227w\" sizes=\"auto, (max-width: 262px) 100vw, 262px\" \/><\/p>\n<p style=\"text-align: center;\">L\u00e9arsc\u00e1il de Chuan Loch Garman<\/p>\n<p style=\"text-align: center;\">Lewis (1837)<\/p>\n<\/div>\n<div style=\"clear: both;\"><\/div>\n<\/div>\n<hr>\n<p>&nbsp;<\/p>\n<h2>An obair m\u00ednt\u00edri\u00fach\u00e1in<\/h2>\n<p style=\"text-align: left;\">In 1840 cuireadh an dara plean, n\u00edos uaillmhiana\u00ed, i ngn\u00edomh; ba \u00e9 an aidhm a bh\u00ed ann anois n\u00e1 sciath\u00e1in thuaidh agus theas an chuain a mh\u00ednt\u00edri\u00fa. Th\u00e1inig suim nua sa tionscadal tar \u00e9is gur ritheadh Acht i bParlaimint na Breataine sna blianta roimh 1840 a shol\u00e1thair cabhair \u00f3n rialtas chun talamh dramha\u00edola a mh\u00ednt\u00edri\u00fa in \u00c9irinn.<\/p>\n<p style=\"text-align: left;\">Sindeac\u00e1it as Albain a thug faoin obair, ba thionscadal uaillmhianach \u00e9 seo a chuimsigh n\u00ed amh\u00e1in Cuan Loch Garman, ach su\u00edomhanna eile i ndeisceart Loch Garman ar n\u00f3s Baile Thaidhg, Ban\u00fa agus Oile\u00e1n Mhuire, chomh maith leis an Tr\u00e1 Mh\u00f3r agus D\u00fan Garbh\u00e1in feadh ch\u00f3sta Phort L\u00e1irge.<\/p>\n<p style=\"text-align: left;\">D&#8217;fhostaigh an siondeac\u00e1it innealt\u00f3ir darb ainm Vetch chun suirbh\u00e9 a dh\u00e9anamh ar an limist\u00e9ar m\u00ednt\u00edri\u00fach\u00e1in a bh\u00ed beartaithe. Mhol s\u00e9 cla\u00edfort Thuaidh a chuimsigh 2,192 acra, agus cla\u00edfort theas a chuimsigh 3,341 acra, ar bhain cuid de \u00fas\u00e1id as iarsma\u00ed chla\u00edfort na mBr\u00e1ithre Thomas \u00f3 1816.<\/p>\n<p style=\"text-align: left;\">Bh\u00ed amhras ar \u00fain\u00e9ir\u00ed tal\u00fan \u00e1iti\u00fala, \u00fain\u00e9ir\u00ed long agus ceannaithe Loch Garman faoin tionscadal. Ba \u00e9 an imn\u00ed is mh\u00f3 a bh\u00ed orthu n\u00e1 go dtabharfa\u00ed an iomarca smacht ar an gcuan do ghr\u00fapa strains\u00e9ir\u00ed, a bhf\u00e9adfadh a gcuid smaointe a bheith difri\u00fail \u00f3 leasanna \u00e1iti\u00fala. D\u2019eagraigh fir an chuain a n-innealt\u00f3ir\u00ed f\u00e9in chun suirbh\u00e9 a dh\u00e9anamh ar an gceantar, agus thug a dtuairisc\u00ed le tuiscint go bhf\u00e9adfadh na hoibreacha a bh\u00ed beartaithe a bheith ina gc\u00fais leis an iomarca siolta sa chuan rud a chruth\u00f3dh deacrachta\u00ed don loingseoireacht. D\u2019eagraigh muintir na h\u00e1ite achain\u00ed chuig an bparlaimint i gcoinne an tionscadail, agus arda\u00edodh ceisteanna maidir le c\u00e9 leis i nd\u00e1ir\u00edre na r\u00e9ile\u00e1in l\u00e1ibe, cib\u00e9 acu ar leis an gCor\u00f3in iad n\u00f3 \u00fain\u00e9ir\u00ed na tal\u00fan taobh leo.<\/p>\n<p style=\"text-align: left;\">Caithfidh gur chuir cur in aghaidh na gceannaithe Loch Garman fait\u00edos ar shindeac\u00e1it na hAlban, mar gur thr\u00e9ig siad an tionscadal, n\u00ed raibh fonn orthu tabhairt faoi oibreacha d\u00e1 leith\u00e9id agus naimhdeas rompu.<\/p>\n<p style=\"text-align: left;\">Is ag an bpointe seo a ghlac teaghlach m\u00f3r le r\u00e1 \u00f3 Loch Garman, na Redmonds, p\u00e1irt sa tionscadal. Ghlac John Edward Redmond, fear \u00f3g le saibhreas ollmh\u00f3r, a raibh feabhas m\u00f3r d\u00e9anta aige ar an mbaile cheana f\u00e9in, leis an smaoineamh talamh a mh\u00ednt\u00edri\u00fa ar an taobh thuaidh den chuan. Ar\u00eds chuir na ceannaithe \u00e1iti\u00fala (Coimisin\u00e9ir\u00ed Cuain Loch Garman) litir chuig an Ionada\u00ed Parlaiminte ag r\u00e1 go raibh siad i gcoinne na hoibre a<br \/>\nbh\u00ed beartaithe.<\/p>\n<p style=\"text-align: left;\">Ach n\u00edor cuireadh lagmhisneach ar John Redmond, agus in ainneoin an cur in aghaidh, fuarthas Acht Parlaiminte a cheadaigh don tionscadal dul ar aghaidh.<\/p>\n<p style=\"text-align: left;\">Thosaigh na hoibr\u00edochta\u00ed sa bhliain 1847, an bhliain ba mheasa de Ghorta M\u00f3r na bhFata\u00ed, nuair a bh\u00ed s\u00e9 r\u00edth\u00e1bhachtach fosta\u00edocht a shol\u00e1thar d\u2019oibrithe. Th\u00e1inig fir \u00f3 gach cearn den chontae agus iad armtha le beang\u00e1in, sluaist\u00ed<br \/>\nagus pioc\u00f3id\u00ed.<\/p>\n<p style=\"text-align: left;\">T\u00f3gadh an bruach saorga ar an Slaba Thuaidh mar lean\u00faint ar aghaidh \u00f3n mbruach n\u00e1d\u00fartha agus tugadh cr\u00e9 \u00f3 airde in aice l\u00e1imhe agus \u00f3 cheann de na hoile\u00e1in bheaga le haghaidh na t\u00f3g\u00e1la. Bh\u00ed na bruacha ocht dtroigh (2.5 m\u00e9adar) ar leithead ag an mbarr agus n\u00edos m\u00f3 n\u00e1 2,400 acra iontu. Faoin mbliain 1849 bh\u00ed tionscadal an tSlaba Thuaidh curtha i gcr\u00edch, agus s\u00e1ra\u00edodh baic n\u00e1d\u00fartha a measadh a bh\u00ed dosh\u00e1raithe ar an mbealach.<\/p>\n<p style=\"text-align: left;\">Sna blianta 1850 agus 1851 treabhadh an talamh agus ullmha\u00edodh \u00e9 le saothr\u00fa. Rinne can\u00e1lacha agus draenacha an limist\u00e9ar a dhraen\u00e1il agus t\u00f3gadh caid\u00e9il freisin chun an t-uisce a phump\u00e1il amach.<\/p>\n<p style=\"text-align: left;\">Chun tuilleadh eolais a fh\u00e1il ar stair na Slaba Thuaidh, f\u00e9ach \u2018High Skies-Low Lands; an Anthology of Wexford Slobs and Harbour\u2019 curtha in eagar ag David Rowe agus Christopher J. Wilson (1996).<\/p>\n<p style=\"text-align: left;\">T\u00f3gadh an t-eolas anseo \u00f3 \u2018The History of Land Reclamation in Wexford Harbour\u2019 le Nicholas Furlong sa leabhar thuasluaite.<\/p>\n<hr>\n<p>&nbsp;<\/p>\n<h2>Sa l\u00e1 at\u00e1 inniu ann<\/h2>\n<p style=\"text-align: left;\"><img loading=\"lazy\" decoding=\"async\" class=\"pull-right alignnone wp-image-29 size-full\" style=\"padding: 10px;\" src=\"https:\/\/www.wexfordwildfowlreserve.ie\/wp-content\/uploads\/2016\/04\/seawall.jpg\" alt=\"Balla Mara ag Loch Garman\" width=\"289\" height=\"171\">Ar feadh thart ar 100 bliain chuir cuid mh\u00f3r de thailte na Slaba f\u00e9arach garbh samhraidh ar f\u00e1il do bheostoc, c\u00e9 gur saothra\u00edodh codanna de le haghaidh gr\u00e1naigh agus barra fr\u00e9imhe. \u00d3 na 1960id\u00ed feabhsa\u00edodh an draen\u00e1il agus cuireadh dl\u00fas leis an bhfeirmeoireacht. Sa l\u00e1 at\u00e1 inniu ann t\u00e1 an chuid is m\u00f3 de na tailte curtha le f\u00e9ara ardchaighde\u00e1in agus le gr\u00e1naigh gheimhridh\/earrach, c\u00e9 gur cuireadh barra \u00e9ags\u00fala eile uaireanta.<\/p>\n<p style=\"text-align: left;\">C\u00e9 is moite de na pr\u00edomhbheala\u00ed fairsinge agus a n-imill, \u00e1it a bhfuil bl\u00e1th\u00fa ar phlanda\u00ed uisce agus giolcarna\u00ed, t\u00e1 na Slaba go hioml\u00e1n talmha\u00edoch agus cos\u00fail le poldair\u00ed Ollannacha.<\/p>\n","protected":false},"excerpt":{"rendered":"<p>T\u00edrdhreach Chuan Loch Garman roimh na 1840id\u00ed L\u00e9ir\u00edonn l\u00e9arsc\u00e1ileanna luatha de Chuan Loch Garman, leis an Ridire William Petty (1657) agus cinn eile, go raibh roinnt oile\u00e1n ann, s\u00e9 cinn san ioml\u00e1n agus ba iad Begerin, an tOile\u00e1n M\u00f3r agus Korrugh (n\u00f3 Cora Island) agus Breast Island na cinn is m\u00f3. Rinneadh an ch\u00e9ad iarracht&#8230; <\/p>\n","protected":false},"author":7,"featured_media":1137,"parent":0,"menu_order":7,"comment_status":"closed","ping_status":"closed","template":"no-sidebar.php","meta":{"cybocfi_hide_featured_image":"","footnotes":""},"class_list":["post-1315","page","type-page","status-publish","has-post-thumbnail","hentry"],"yoast_head":"<!-- This site is optimized with the Yoast SEO plugin v27.4 - https:\/\/yoast.com\/product\/yoast-seo-wordpress\/ -->\n<title>Stair - Anaclann \u00e9anlaithe fi\u00e1ine Loch Garman<\/title>\n<meta name=\"robots\" content=\"index, follow, max-snippet:-1, max-image-preview:large, max-video-preview:-1\" \/>\n<link rel=\"canonical\" href=\"https:\/\/www.wexfordwildfowlreserve.ie\/ga\/stair\/\" \/>\n<meta property=\"og:locale\" content=\"ga_IE\" \/>\n<meta property=\"og:type\" content=\"article\" \/>\n<meta property=\"og:title\" content=\"Stair - Anaclann \u00e9anlaithe fi\u00e1ine Loch Garman\" \/>\n<meta property=\"og:description\" content=\"T\u00edrdhreach Chuan Loch Garman roimh na 1840id\u00ed L\u00e9ir\u00edonn l\u00e9arsc\u00e1ileanna luatha de Chuan Loch Garman, leis an Ridire William Petty (1657) agus cinn eile, go raibh roinnt oile\u00e1n ann, s\u00e9 cinn san ioml\u00e1n agus ba iad Begerin, an tOile\u00e1n M\u00f3r agus Korrugh (n\u00f3 Cora Island) agus Breast Island na cinn is m\u00f3. Rinneadh an ch\u00e9ad iarracht...\" \/>\n<meta property=\"og:url\" content=\"https:\/\/www.wexfordwildfowlreserve.ie\/ga\/stair\/\" \/>\n<meta property=\"og:site_name\" content=\"Anaclann \u00e9anlaithe fi\u00e1ine Loch Garman\" \/>\n<meta property=\"article:modified_time\" content=\"2023-09-01T14:53:17+00:00\" \/>\n<meta property=\"og:image\" content=\"https:\/\/www.wexfordwildfowlreserve.ie\/wp-content\/uploads\/2017\/11\/Aerial-view-of-centre.jpg\" \/>\n\t<meta property=\"og:image:width\" content=\"2048\" \/>\n\t<meta property=\"og:image:height\" content=\"270\" \/>\n\t<meta property=\"og:image:type\" content=\"image\/jpeg\" \/>\n<meta name=\"twitter:card\" content=\"summary_large_image\" \/>\n<meta name=\"twitter:label1\" content=\"Est. reading time\" \/>\n\t<meta name=\"twitter:data1\" content=\"5 minutes\" \/>\n<script type=\"application\/ld+json\" class=\"yoast-schema-graph\">{\"@context\":\"https:\\\/\\\/schema.org\",\"@graph\":[{\"@type\":\"WebPage\",\"@id\":\"https:\\\/\\\/www.wexfordwildfowlreserve.ie\\\/ga\\\/stair\\\/\",\"url\":\"https:\\\/\\\/www.wexfordwildfowlreserve.ie\\\/ga\\\/stair\\\/\",\"name\":\"Stair - Anaclann \u00e9anlaithe fi\u00e1ine Loch Garman\",\"isPartOf\":{\"@id\":\"https:\\\/\\\/www.wexfordwildfowlreserve.ie\\\/ga\\\/#website\"},\"primaryImageOfPage\":{\"@id\":\"https:\\\/\\\/www.wexfordwildfowlreserve.ie\\\/ga\\\/stair\\\/#primaryimage\"},\"image\":{\"@id\":\"https:\\\/\\\/www.wexfordwildfowlreserve.ie\\\/ga\\\/stair\\\/#primaryimage\"},\"thumbnailUrl\":\"https:\\\/\\\/www.wexfordwildfowlreserve.ie\\\/wp-content\\\/uploads\\\/2017\\\/11\\\/Aerial-view-of-centre.jpg\",\"datePublished\":\"2016-04-20T16:30:56+00:00\",\"dateModified\":\"2023-09-01T14:53:17+00:00\",\"breadcrumb\":{\"@id\":\"https:\\\/\\\/www.wexfordwildfowlreserve.ie\\\/ga\\\/stair\\\/#breadcrumb\"},\"inLanguage\":\"ga-IE\",\"potentialAction\":[{\"@type\":\"ReadAction\",\"target\":[\"https:\\\/\\\/www.wexfordwildfowlreserve.ie\\\/ga\\\/stair\\\/\"]}]},{\"@type\":\"ImageObject\",\"inLanguage\":\"ga-IE\",\"@id\":\"https:\\\/\\\/www.wexfordwildfowlreserve.ie\\\/ga\\\/stair\\\/#primaryimage\",\"url\":\"https:\\\/\\\/www.wexfordwildfowlreserve.ie\\\/wp-content\\\/uploads\\\/2017\\\/11\\\/Aerial-view-of-centre.jpg\",\"contentUrl\":\"https:\\\/\\\/www.wexfordwildfowlreserve.ie\\\/wp-content\\\/uploads\\\/2017\\\/11\\\/Aerial-view-of-centre.jpg\",\"width\":2048,\"height\":270},{\"@type\":\"BreadcrumbList\",\"@id\":\"https:\\\/\\\/www.wexfordwildfowlreserve.ie\\\/ga\\\/stair\\\/#breadcrumb\",\"itemListElement\":[{\"@type\":\"ListItem\",\"position\":1,\"name\":\"Home\",\"item\":\"https:\\\/\\\/www.wexfordwildfowlreserve.ie\\\/ga\\\/\"},{\"@type\":\"ListItem\",\"position\":2,\"name\":\"Stair\"}]},{\"@type\":\"WebSite\",\"@id\":\"https:\\\/\\\/www.wexfordwildfowlreserve.ie\\\/ga\\\/#website\",\"url\":\"https:\\\/\\\/www.wexfordwildfowlreserve.ie\\\/ga\\\/\",\"name\":\"Wexford Wildfowl Reserve\",\"description\":\"\",\"publisher\":{\"@id\":\"https:\\\/\\\/www.wexfordwildfowlreserve.ie\\\/ga\\\/#organization\"},\"potentialAction\":[{\"@type\":\"SearchAction\",\"target\":{\"@type\":\"EntryPoint\",\"urlTemplate\":\"https:\\\/\\\/www.wexfordwildfowlreserve.ie\\\/ga\\\/?s={search_term_string}\"},\"query-input\":{\"@type\":\"PropertyValueSpecification\",\"valueRequired\":true,\"valueName\":\"search_term_string\"}}],\"inLanguage\":\"ga-IE\"},{\"@type\":\"Organization\",\"@id\":\"https:\\\/\\\/www.wexfordwildfowlreserve.ie\\\/ga\\\/#organization\",\"name\":\"Wexford Wildfowl Reserve\",\"url\":\"https:\\\/\\\/www.wexfordwildfowlreserve.ie\\\/ga\\\/\",\"logo\":{\"@type\":\"ImageObject\",\"inLanguage\":\"ga-IE\",\"@id\":\"https:\\\/\\\/www.wexfordwildfowlreserve.ie\\\/ga\\\/#\\\/schema\\\/logo\\\/image\\\/\",\"url\":\"https:\\\/\\\/www.wexfordwildfowlreserve.ie\\\/wp-content\\\/uploads\\\/2018\\\/10\\\/WWP-sized.png\",\"contentUrl\":\"https:\\\/\\\/www.wexfordwildfowlreserve.ie\\\/wp-content\\\/uploads\\\/2018\\\/10\\\/WWP-sized.png\",\"width\":404,\"height\":100,\"caption\":\"Wexford Wildfowl Reserve\"},\"image\":{\"@id\":\"https:\\\/\\\/www.wexfordwildfowlreserve.ie\\\/ga\\\/#\\\/schema\\\/logo\\\/image\\\/\"}}]}<\/script>\n<!-- \/ Yoast SEO plugin. -->","yoast_head_json":{"title":"Stair - Anaclann \u00e9anlaithe fi\u00e1ine Loch Garman","robots":{"index":"index","follow":"follow","max-snippet":"max-snippet:-1","max-image-preview":"max-image-preview:large","max-video-preview":"max-video-preview:-1"},"canonical":"https:\/\/www.wexfordwildfowlreserve.ie\/ga\/stair\/","og_locale":"ga_IE","og_type":"article","og_title":"Stair - Anaclann \u00e9anlaithe fi\u00e1ine Loch Garman","og_description":"T\u00edrdhreach Chuan Loch Garman roimh na 1840id\u00ed L\u00e9ir\u00edonn l\u00e9arsc\u00e1ileanna luatha de Chuan Loch Garman, leis an Ridire William Petty (1657) agus cinn eile, go raibh roinnt oile\u00e1n ann, s\u00e9 cinn san ioml\u00e1n agus ba iad Begerin, an tOile\u00e1n M\u00f3r agus Korrugh (n\u00f3 Cora Island) agus Breast Island na cinn is m\u00f3. Rinneadh an ch\u00e9ad iarracht...","og_url":"https:\/\/www.wexfordwildfowlreserve.ie\/ga\/stair\/","og_site_name":"Anaclann \u00e9anlaithe fi\u00e1ine Loch Garman","article_modified_time":"2023-09-01T14:53:17+00:00","og_image":[{"width":2048,"height":270,"url":"https:\/\/www.wexfordwildfowlreserve.ie\/wp-content\/uploads\/2017\/11\/Aerial-view-of-centre.jpg","type":"image\/jpeg"}],"twitter_card":"summary_large_image","twitter_misc":{"Est. reading time":"5 minutes"},"schema":{"@context":"https:\/\/schema.org","@graph":[{"@type":"WebPage","@id":"https:\/\/www.wexfordwildfowlreserve.ie\/ga\/stair\/","url":"https:\/\/www.wexfordwildfowlreserve.ie\/ga\/stair\/","name":"Stair - Anaclann \u00e9anlaithe fi\u00e1ine Loch Garman","isPartOf":{"@id":"https:\/\/www.wexfordwildfowlreserve.ie\/ga\/#website"},"primaryImageOfPage":{"@id":"https:\/\/www.wexfordwildfowlreserve.ie\/ga\/stair\/#primaryimage"},"image":{"@id":"https:\/\/www.wexfordwildfowlreserve.ie\/ga\/stair\/#primaryimage"},"thumbnailUrl":"https:\/\/www.wexfordwildfowlreserve.ie\/wp-content\/uploads\/2017\/11\/Aerial-view-of-centre.jpg","datePublished":"2016-04-20T16:30:56+00:00","dateModified":"2023-09-01T14:53:17+00:00","breadcrumb":{"@id":"https:\/\/www.wexfordwildfowlreserve.ie\/ga\/stair\/#breadcrumb"},"inLanguage":"ga-IE","potentialAction":[{"@type":"ReadAction","target":["https:\/\/www.wexfordwildfowlreserve.ie\/ga\/stair\/"]}]},{"@type":"ImageObject","inLanguage":"ga-IE","@id":"https:\/\/www.wexfordwildfowlreserve.ie\/ga\/stair\/#primaryimage","url":"https:\/\/www.wexfordwildfowlreserve.ie\/wp-content\/uploads\/2017\/11\/Aerial-view-of-centre.jpg","contentUrl":"https:\/\/www.wexfordwildfowlreserve.ie\/wp-content\/uploads\/2017\/11\/Aerial-view-of-centre.jpg","width":2048,"height":270},{"@type":"BreadcrumbList","@id":"https:\/\/www.wexfordwildfowlreserve.ie\/ga\/stair\/#breadcrumb","itemListElement":[{"@type":"ListItem","position":1,"name":"Home","item":"https:\/\/www.wexfordwildfowlreserve.ie\/ga\/"},{"@type":"ListItem","position":2,"name":"Stair"}]},{"@type":"WebSite","@id":"https:\/\/www.wexfordwildfowlreserve.ie\/ga\/#website","url":"https:\/\/www.wexfordwildfowlreserve.ie\/ga\/","name":"Wexford Wildfowl Reserve","description":"","publisher":{"@id":"https:\/\/www.wexfordwildfowlreserve.ie\/ga\/#organization"},"potentialAction":[{"@type":"SearchAction","target":{"@type":"EntryPoint","urlTemplate":"https:\/\/www.wexfordwildfowlreserve.ie\/ga\/?s={search_term_string}"},"query-input":{"@type":"PropertyValueSpecification","valueRequired":true,"valueName":"search_term_string"}}],"inLanguage":"ga-IE"},{"@type":"Organization","@id":"https:\/\/www.wexfordwildfowlreserve.ie\/ga\/#organization","name":"Wexford Wildfowl Reserve","url":"https:\/\/www.wexfordwildfowlreserve.ie\/ga\/","logo":{"@type":"ImageObject","inLanguage":"ga-IE","@id":"https:\/\/www.wexfordwildfowlreserve.ie\/ga\/#\/schema\/logo\/image\/","url":"https:\/\/www.wexfordwildfowlreserve.ie\/wp-content\/uploads\/2018\/10\/WWP-sized.png","contentUrl":"https:\/\/www.wexfordwildfowlreserve.ie\/wp-content\/uploads\/2018\/10\/WWP-sized.png","width":404,"height":100,"caption":"Wexford Wildfowl Reserve"},"image":{"@id":"https:\/\/www.wexfordwildfowlreserve.ie\/ga\/#\/schema\/logo\/image\/"}}]}},"jetpack_sharing_enabled":true,"_links":{"self":[{"href":"https:\/\/www.wexfordwildfowlreserve.ie\/ga\/wp-json\/wp\/v2\/pages\/1315","targetHints":{"allow":["GET"]}}],"collection":[{"href":"https:\/\/www.wexfordwildfowlreserve.ie\/ga\/wp-json\/wp\/v2\/pages"}],"about":[{"href":"https:\/\/www.wexfordwildfowlreserve.ie\/ga\/wp-json\/wp\/v2\/types\/page"}],"author":[{"embeddable":true,"href":"https:\/\/www.wexfordwildfowlreserve.ie\/ga\/wp-json\/wp\/v2\/users\/7"}],"replies":[{"embeddable":true,"href":"https:\/\/www.wexfordwildfowlreserve.ie\/ga\/wp-json\/wp\/v2\/comments?post=1315"}],"version-history":[{"count":1,"href":"https:\/\/www.wexfordwildfowlreserve.ie\/ga\/wp-json\/wp\/v2\/pages\/1315\/revisions"}],"predecessor-version":[{"id":1523,"href":"https:\/\/www.wexfordwildfowlreserve.ie\/ga\/wp-json\/wp\/v2\/pages\/1315\/revisions\/1523"}],"wp:featuredmedia":[{"embeddable":true,"href":"https:\/\/www.wexfordwildfowlreserve.ie\/ga\/wp-json\/wp\/v2\/media\/1137"}],"wp:attachment":[{"href":"https:\/\/www.wexfordwildfowlreserve.ie\/ga\/wp-json\/wp\/v2\/media?parent=1315"}],"curies":[{"name":"wp","href":"https:\/\/api.w.org\/{rel}","templated":true}]}}